{"id":106075,"date":"2023-05-16T13:45:31","date_gmt":"2023-05-16T11:45:31","guid":{"rendered":"https:\/\/la-perla.net\/zer-ikusi-eta-egin-donostian\/"},"modified":"2023-05-16T16:06:46","modified_gmt":"2023-05-16T14:06:46","slug":"zer-ikusi-eta-egin-donostian","status":"publish","type":"page","link":"https:\/\/la-perla.net\/eu\/zer-ikusi-eta-egin-donostian\/","title":{"rendered":"Zer ikusi eta egin Donostian"},"content":{"rendered":"<h1 class=\"wp-block-heading\"><strong>Zer ikusi eta egin Donostian<\/strong><\/h1><figure class=\"wp-block-image size-large is-resized\"><img decoding=\"async\" src=\"https:\/\/la-perla.net\/wp-content\/uploads\/2021\/12\/san-sebastian-peine-del-viento-1024x685.jpg\" alt=\"Zer ikusi eta egin Donostian\" class=\"wp-image-80511\" width=\"1200\" srcset=\"https:\/\/la-perla.net\/wp-content\/uploads\/2021\/12\/san-sebastian-peine-del-viento-1024x685.jpg 1024w, https:\/\/la-perla.net\/wp-content\/uploads\/2021\/12\/san-sebastian-peine-del-viento-300x201.jpg 300w, https:\/\/la-perla.net\/wp-content\/uploads\/2021\/12\/san-sebastian-peine-del-viento-768x514.jpg 768w, https:\/\/la-perla.net\/wp-content\/uploads\/2021\/12\/san-sebastian-peine-del-viento-540x361.jpg 540w, https:\/\/la-perla.net\/wp-content\/uploads\/2021\/12\/san-sebastian-peine-del-viento-408x273.jpg 408w, https:\/\/la-perla.net\/wp-content\/uploads\/2021\/12\/san-sebastian-peine-del-viento-255x171.jpg 255w, https:\/\/la-perla.net\/wp-content\/uploads\/2021\/12\/san-sebastian-peine-del-viento-555x371.jpg 555w, https:\/\/la-perla.net\/wp-content\/uploads\/2021\/12\/san-sebastian-peine-del-viento-360x241.jpg 360w, https:\/\/la-perla.net\/wp-content\/uploads\/2021\/12\/san-sebastian-peine-del-viento-262x175.jpg 262w, https:\/\/la-perla.net\/wp-content\/uploads\/2021\/12\/san-sebastian-peine-del-viento-413x275.jpg 413w, https:\/\/la-perla.net\/wp-content\/uploads\/2021\/12\/san-sebastian-peine-del-viento-400x267.jpg 400w, https:\/\/la-perla.net\/wp-content\/uploads\/2021\/12\/san-sebastian-peine-del-viento-600x401.jpg 600w, https:\/\/la-perla.net\/wp-content\/uploads\/2021\/12\/san-sebastian-peine-del-viento.jpg 1299w\" sizes=\"(max-width: 1024px) 100vw, 1024px\" \/><\/figure><div style=\"height:25px\" aria-hidden=\"true\" class=\"wp-block-spacer\"><\/div><p><a href=\"https:\/\/la-perla.net\/eu\/\" target=\"_blank\" rel=\"noreferrer noopener\">Donostiara<\/a> joateko asmoa duzu? <em>La Perla Talasoterapian<\/em> hainbat plan proposatzen dizkizugu Donostiako oporrak ezin hobeak izan daitezen.<\/p><h2 class=\"wp-block-heading\"><strong>Zatoz Kontxako hondartzara<\/strong><\/h2><p><strong><a href=\"https:\/\/imanesdeviaje.com\/category\/europa\/espana\/\">Espainiako <\/a>\u00a0eta\u00a0<a href=\"https:\/\/imanesdeviaje.com\/category\/europa\/\">Europako<\/a> hiri-hondartzarik politenak<\/strong>\u00a0besoak zabalik hartuko zaitu urteko edozein garaitan.<\/p><p>Udan bazoaz, <strong>Santa Klara uharteraino itsasontzi bat hartzea<\/strong> oso ibilbide atsegina da eta Kontxako badia beste ikuspegi batetik ikusi ahal izango duzu.<\/p><p>Zure ihesaldian pixka bat gehiago erlaxatu nahi baduzu, zatoz <strong>La Perlako bainuetxera.<\/strong> Oraindik aurkituko dituzu Maria Kristina Erreginak udara pasatzen zuen <em>\u00abBelle \u00c9poque Donostiarra\u00bb-k<\/em> utzitako arrasto batzuk.<\/p><h2 class=\"wp-block-heading\"><strong>Ezagutu Parte Zaharra<\/strong><\/h2><p>Donostiako Parte Zaharra ezagutzeko abiapuntu egokia <strong>Kale Nagusia<\/strong> eta <strong>Santa Maria Basilika<\/strong> dira, adibidez.<\/p><p><strong>Geldialdi bat egin dezakezu Konstituzio Plazan<\/strong> zerbait hartzeko. Plazako balkoiak zenbakituta daude. Antzina, zezenketetan palko gisa erabiltzen ziren.<\/p><h2 class=\"wp-block-heading\"><strong>Artzain Onaren katedrala<\/strong><\/h2><p><strong>XIX. mendearen amaierako katedral neogotikoa<\/strong>, hiriaren erdi-erdian dagoena. Kanpotik ikustea ez ezik, barrutik ikustea ere gomendatzen dizugu.<\/p><h2 class=\"wp-block-heading\"><strong>Igeldo mendiko begiratokira igo<\/strong><\/h2><p>Bai ala bai igo behar duzu, <strong>handik hirira dituzun ikuspegiak ikaragarriak direlako.<\/strong> Autoan, autobusean edo funikularrean egin dezakezu.<\/p><p>Parkea nahiko zaharra da, baina, hain zuzen ere, hori da bere xarma, eta oso dibertigarria izan daiteke txikienentzat.<\/p><h2 class=\"wp-block-heading\"><strong>Egin ibilaldia Haizearen Orraziaraino<\/strong><\/h2><p>Donostian ikusi beharreko beste leku bat Haizearen Orrazia ospetsua da. <strong>Eduardo Chillidaren eskultura famatu hauek hiriaren ikono bihurtu dira.<\/strong> Ondarretako hondartzaren amaieran aurkitzen dituzu, Igeldo mendiaren azpian.<\/p><h2 class=\"wp-block-heading\"><strong>Bisita Miramar Jauregira<\/strong><\/h2><p>Miramar Jauregia <strong>Espainiako monarkiaren udako egoitza zen Maria Kristinaren garaian, XIX. mendearen amaieran.<\/strong> Gaur egun, Donostiako eraikin adierazgarrienetako bat da. Jauregiko lorategietan paseoa egin ahal izango duzu, itsasoari zuzenean begira, pribilegio handia.<\/p><h2 class=\"wp-block-heading\"><strong>Ezagutu Aquariuma eta ibili portuan zehar<\/strong><\/h2><p><strong>Parte Zaharraren ondoan dago;<\/strong> beraz, ez duzu oso urruti ikusiko.<\/p><p>Portua, Aquariuma dagoen tokia, paseatzeko gune atsegina da, baita Parte Zaharrean lehenago jan dituzun pintxoak jaisteko ere.<\/p><p><\/p><div style=\"height:25px\" aria-hidden=\"true\" class=\"wp-block-spacer\"><\/div><h2 class=\"wp-block-heading\">Interesa ere izan dezakezu<\/h2><p><a href=\"https:\/\/la-perla.net\/eu\/donostia-eta-inguruak\/\" target=\"_blank\" rel=\"noreferrer noopener\">Donostia eta inguruak<\/a><\/p><p><a href=\"https:\/\/la-perla.net\/eu\/ezagutu-kontxako-hondartza\/\" target=\"_blank\" rel=\"noreferrer noopener\">Kontxako hondartza<\/a><\/p><p><a href=\"https:\/\/la-perla.net\/eu\/igeldo-mendira-bisita\/\" target=\"_blank\" rel=\"noreferrer noopener\">Igeldo mendira bisita<\/a><\/p>","protected":false},"excerpt":{"rendered":"<p>Zer ikusi eta egin Donostian Donostiara joateko asmoa duzu? La Perla Talasoterapian hainbat plan proposatzen dizkizugu Donostiako oporrak ezin hobeak izan daitezen. Zatoz Kontxako hondartzara Espainiako \u00a0eta\u00a0Europako hiri-hondartzarik politenak\u00a0besoak zabalik hartuko zaitu urteko edozein garaitan. Udan bazoaz, Santa Klara uharteraino itsasontzi bat hartzea oso ibilbide atsegina da eta Kontxako badia beste ikuspegi batetik ikusi ahal&hellip; <\/p>\n<div><a class=\"more-link\" href=\"https:\/\/la-perla.net\/eu\/zer-ikusi-eta-egin-donostian\/\">Leer m\u00e1s \u2192<\/a><\/div>\n","protected":false},"author":21579,"featured_media":80512,"parent":0,"menu_order":6,"comment_status":"closed","ping_status":"closed","template":"page_blank_template.php","meta":{"_genesis_hide_title":false,"_genesis_hide_breadcrumbs":false,"_genesis_hide_singular_image":false,"_genesis_hide_footer_widgets":false,"_genesis_custom_body_class":"","_genesis_custom_post_class":"","_genesis_layout":"","footnotes":""},"class_list":{"0":"post-106075","1":"page","2":"type-page","3":"status-publish","4":"has-post-thumbnail","6":"entry"},"yoast_head":"<!-- This site is optimized with the Yoast SEO plugin v25.6 - https:\/\/yoast.com\/wordpress\/plugins\/seo\/ -->\n<title>Que Ver y Hacer en San Sebasti\u00e1n | La Perla Talasoterapia<\/title>\n<meta name=\"description\" content=\"Apunta en la lista de cosas que hacer en San Sebasti\u00e1n, el imprescindible paseo por la Bah\u00eda de la Concha. La mejor manera de conocer Donosti.\" \/>\n<meta name=\"robots\" content=\"index, follow, max-snippet:-1, max-image-preview:large, max-video-preview:-1\" \/>\n<link rel=\"canonical\" href=\"https:\/\/la-perla.net\/eu\/zer-ikusi-eta-egin-donostian\/\" \/>\n<meta property=\"og:locale\" content=\"eu_ES\" \/>\n<meta property=\"og:type\" content=\"article\" \/>\n<meta property=\"og:title\" content=\"Que Ver y Hacer en San Sebasti\u00e1n | La Perla Talasoterapia\" \/>\n<meta property=\"og:description\" content=\"Apunta en la lista de cosas que hacer en San Sebasti\u00e1n, el imprescindible paseo por la Bah\u00eda de la Concha. La mejor manera de conocer Donosti.\" \/>\n<meta property=\"og:url\" content=\"https:\/\/la-perla.net\/eu\/zer-ikusi-eta-egin-donostian\/\" \/>\n<meta property=\"og:site_name\" content=\"Talasoterapia La Perla \u2022 San Sebasti\u00e1n - Donostia\" \/>\n<meta property=\"article:publisher\" content=\"https:\/\/www.facebook.com\/laperladonosti\/\" \/>\n<meta property=\"article:modified_time\" content=\"2023-05-16T14:06:46+00:00\" \/>\n<meta property=\"og:image\" content=\"https:\/\/la-perla.net\/wp-content\/uploads\/2021\/12\/san-sebastian-peine-del-viento.jpg\" \/>\n\t<meta property=\"og:image:width\" content=\"1299\" \/>\n\t<meta property=\"og:image:height\" content=\"869\" \/>\n\t<meta property=\"og:image:type\" content=\"image\/jpeg\" \/>\n<meta name=\"twitter:card\" content=\"summary_large_image\" \/>\n<meta name=\"twitter:site\" content=\"@LaPerlaDonosti\" \/>\n<meta name=\"twitter:label1\" content=\"Est. reading time\" \/>\n\t<meta name=\"twitter:data1\" content=\"1 minute\" \/>\n<script type=\"application\/ld+json\" class=\"yoast-schema-graph\">{\"@context\":\"https:\/\/schema.org\",\"@graph\":[{\"@type\":\"WebPage\",\"@id\":\"https:\/\/la-perla.net\/eu\/zer-ikusi-eta-egin-donostian\/\",\"url\":\"https:\/\/la-perla.net\/eu\/zer-ikusi-eta-egin-donostian\/\",\"name\":\"Que Ver y Hacer en San Sebasti\u00e1n | La Perla Talasoterapia\",\"isPartOf\":{\"@id\":\"https:\/\/la-perla.net\/#website\"},\"primaryImageOfPage\":{\"@id\":\"https:\/\/la-perla.net\/eu\/zer-ikusi-eta-egin-donostian\/#primaryimage\"},\"image\":{\"@id\":\"https:\/\/la-perla.net\/eu\/zer-ikusi-eta-egin-donostian\/#primaryimage\"},\"thumbnailUrl\":\"https:\/\/la-perla.net\/wp-content\/uploads\/2021\/12\/san-sebastian-peine-del-viento.jpg\",\"datePublished\":\"2023-05-16T11:45:31+00:00\",\"dateModified\":\"2023-05-16T14:06:46+00:00\",\"description\":\"Apunta en la lista de cosas que hacer en San Sebasti\u00e1n, el imprescindible paseo por la Bah\u00eda de la Concha. La mejor manera de conocer Donosti.\",\"breadcrumb\":{\"@id\":\"https:\/\/la-perla.net\/eu\/zer-ikusi-eta-egin-donostian\/#breadcrumb\"},\"inLanguage\":\"eu-ES\",\"potentialAction\":[{\"@type\":\"ReadAction\",\"target\":[\"https:\/\/la-perla.net\/eu\/zer-ikusi-eta-egin-donostian\/\"]}]},{\"@type\":\"ImageObject\",\"inLanguage\":\"eu-ES\",\"@id\":\"https:\/\/la-perla.net\/eu\/zer-ikusi-eta-egin-donostian\/#primaryimage\",\"url\":\"https:\/\/la-perla.net\/wp-content\/uploads\/2021\/12\/san-sebastian-peine-del-viento.jpg\",\"contentUrl\":\"https:\/\/la-perla.net\/wp-content\/uploads\/2021\/12\/san-sebastian-peine-del-viento.jpg\",\"width\":1299,\"height\":869,\"caption\":\"Peine del viento\"},{\"@type\":\"BreadcrumbList\",\"@id\":\"https:\/\/la-perla.net\/eu\/zer-ikusi-eta-egin-donostian\/#breadcrumb\",\"itemListElement\":[{\"@type\":\"ListItem\",\"position\":1,\"name\":\"Portada\",\"item\":\"https:\/\/la-perla.net\/eu\/\"},{\"@type\":\"ListItem\",\"position\":2,\"name\":\"Zer ikusi eta egin Donostian\"}]},{\"@type\":\"WebSite\",\"@id\":\"https:\/\/la-perla.net\/#website\",\"url\":\"https:\/\/la-perla.net\/\",\"name\":\"Talasoterapia La Perla \u2022 San Sebasti\u00e1n - Donostia\",\"description\":\"Talasoterapia en Guipuzcoa - Centro de salud, belleza y deporte\",\"publisher\":{\"@id\":\"https:\/\/la-perla.net\/#organization\"},\"potentialAction\":[{\"@type\":\"SearchAction\",\"target\":{\"@type\":\"EntryPoint\",\"urlTemplate\":\"https:\/\/la-perla.net\/?s={search_term_string}\"},\"query-input\":{\"@type\":\"PropertyValueSpecification\",\"valueRequired\":true,\"valueName\":\"search_term_string\"}}],\"inLanguage\":\"eu-ES\"},{\"@type\":\"Organization\",\"@id\":\"https:\/\/la-perla.net\/#organization\",\"name\":\"La Perla\",\"url\":\"https:\/\/la-perla.net\/\",\"logo\":{\"@type\":\"ImageObject\",\"inLanguage\":\"eu-ES\",\"@id\":\"https:\/\/la-perla.net\/#\/schema\/logo\/image\/\",\"url\":\"https:\/\/la-perla.net\/wp-content\/uploads\/2020\/09\/talasoterapia-la-perla.png\",\"contentUrl\":\"https:\/\/la-perla.net\/wp-content\/uploads\/2020\/09\/talasoterapia-la-perla.png\",\"width\":191,\"height\":51,\"caption\":\"La Perla\"},\"image\":{\"@id\":\"https:\/\/la-perla.net\/#\/schema\/logo\/image\/\"},\"sameAs\":[\"https:\/\/www.facebook.com\/laperladonosti\/\",\"https:\/\/x.com\/LaPerlaDonosti\",\"https:\/\/www.instagram.com\/laperladonosti\/?hl=es\",\"https:\/\/www.youtube.com\/channel\/UChQhp12N7Lg6ZrOcmAJAy4g\"]}]}<\/script>\n<!-- \/ Yoast SEO plugin. -->","yoast_head_json":{"title":"Que Ver y Hacer en San Sebasti\u00e1n | La Perla Talasoterapia","description":"Apunta en la lista de cosas que hacer en San Sebasti\u00e1n, el imprescindible paseo por la Bah\u00eda de la Concha. La mejor manera de conocer Donosti.","robots":{"index":"index","follow":"follow","max-snippet":"max-snippet:-1","max-image-preview":"max-image-preview:large","max-video-preview":"max-video-preview:-1"},"canonical":"https:\/\/la-perla.net\/eu\/zer-ikusi-eta-egin-donostian\/","og_locale":"eu_ES","og_type":"article","og_title":"Que Ver y Hacer en San Sebasti\u00e1n | La Perla Talasoterapia","og_description":"Apunta en la lista de cosas que hacer en San Sebasti\u00e1n, el imprescindible paseo por la Bah\u00eda de la Concha. La mejor manera de conocer Donosti.","og_url":"https:\/\/la-perla.net\/eu\/zer-ikusi-eta-egin-donostian\/","og_site_name":"Talasoterapia La Perla \u2022 San Sebasti\u00e1n - Donostia","article_publisher":"https:\/\/www.facebook.com\/laperladonosti\/","article_modified_time":"2023-05-16T14:06:46+00:00","og_image":[{"width":1299,"height":869,"url":"https:\/\/la-perla.net\/wp-content\/uploads\/2021\/12\/san-sebastian-peine-del-viento.jpg","type":"image\/jpeg"}],"twitter_card":"summary_large_image","twitter_site":"@LaPerlaDonosti","twitter_misc":{"Est. reading time":"1 minute"},"schema":{"@context":"https:\/\/schema.org","@graph":[{"@type":"WebPage","@id":"https:\/\/la-perla.net\/eu\/zer-ikusi-eta-egin-donostian\/","url":"https:\/\/la-perla.net\/eu\/zer-ikusi-eta-egin-donostian\/","name":"Que Ver y Hacer en San Sebasti\u00e1n | La Perla Talasoterapia","isPartOf":{"@id":"https:\/\/la-perla.net\/#website"},"primaryImageOfPage":{"@id":"https:\/\/la-perla.net\/eu\/zer-ikusi-eta-egin-donostian\/#primaryimage"},"image":{"@id":"https:\/\/la-perla.net\/eu\/zer-ikusi-eta-egin-donostian\/#primaryimage"},"thumbnailUrl":"https:\/\/la-perla.net\/wp-content\/uploads\/2021\/12\/san-sebastian-peine-del-viento.jpg","datePublished":"2023-05-16T11:45:31+00:00","dateModified":"2023-05-16T14:06:46+00:00","description":"Apunta en la lista de cosas que hacer en San Sebasti\u00e1n, el imprescindible paseo por la Bah\u00eda de la Concha. La mejor manera de conocer Donosti.","breadcrumb":{"@id":"https:\/\/la-perla.net\/eu\/zer-ikusi-eta-egin-donostian\/#breadcrumb"},"inLanguage":"eu-ES","potentialAction":[{"@type":"ReadAction","target":["https:\/\/la-perla.net\/eu\/zer-ikusi-eta-egin-donostian\/"]}]},{"@type":"ImageObject","inLanguage":"eu-ES","@id":"https:\/\/la-perla.net\/eu\/zer-ikusi-eta-egin-donostian\/#primaryimage","url":"https:\/\/la-perla.net\/wp-content\/uploads\/2021\/12\/san-sebastian-peine-del-viento.jpg","contentUrl":"https:\/\/la-perla.net\/wp-content\/uploads\/2021\/12\/san-sebastian-peine-del-viento.jpg","width":1299,"height":869,"caption":"Peine del viento"},{"@type":"BreadcrumbList","@id":"https:\/\/la-perla.net\/eu\/zer-ikusi-eta-egin-donostian\/#breadcrumb","itemListElement":[{"@type":"ListItem","position":1,"name":"Portada","item":"https:\/\/la-perla.net\/eu\/"},{"@type":"ListItem","position":2,"name":"Zer ikusi eta egin Donostian"}]},{"@type":"WebSite","@id":"https:\/\/la-perla.net\/#website","url":"https:\/\/la-perla.net\/","name":"Talasoterapia La Perla \u2022 San Sebasti\u00e1n - Donostia","description":"Talasoterapia en Guipuzcoa - Centro de salud, belleza y deporte","publisher":{"@id":"https:\/\/la-perla.net\/#organization"},"potentialAction":[{"@type":"SearchAction","target":{"@type":"EntryPoint","urlTemplate":"https:\/\/la-perla.net\/?s={search_term_string}"},"query-input":{"@type":"PropertyValueSpecification","valueRequired":true,"valueName":"search_term_string"}}],"inLanguage":"eu-ES"},{"@type":"Organization","@id":"https:\/\/la-perla.net\/#organization","name":"La Perla","url":"https:\/\/la-perla.net\/","logo":{"@type":"ImageObject","inLanguage":"eu-ES","@id":"https:\/\/la-perla.net\/#\/schema\/logo\/image\/","url":"https:\/\/la-perla.net\/wp-content\/uploads\/2020\/09\/talasoterapia-la-perla.png","contentUrl":"https:\/\/la-perla.net\/wp-content\/uploads\/2020\/09\/talasoterapia-la-perla.png","width":191,"height":51,"caption":"La Perla"},"image":{"@id":"https:\/\/la-perla.net\/#\/schema\/logo\/image\/"},"sameAs":["https:\/\/www.facebook.com\/laperladonosti\/","https:\/\/x.com\/LaPerlaDonosti","https:\/\/www.instagram.com\/laperladonosti\/?hl=es","https:\/\/www.youtube.com\/channel\/UChQhp12N7Lg6ZrOcmAJAy4g"]}]}},"_links":{"self":[{"href":"https:\/\/la-perla.net\/eu\/wp-json\/wp\/v2\/pages\/106075"}],"collection":[{"href":"https:\/\/la-perla.net\/eu\/wp-json\/wp\/v2\/pages"}],"about":[{"href":"https:\/\/la-perla.net\/eu\/wp-json\/wp\/v2\/types\/page"}],"author":[{"embeddable":true,"href":"https:\/\/la-perla.net\/eu\/wp-json\/wp\/v2\/users\/21579"}],"replies":[{"embeddable":true,"href":"https:\/\/la-perla.net\/eu\/wp-json\/wp\/v2\/comments?post=106075"}],"version-history":[{"count":0,"href":"https:\/\/la-perla.net\/eu\/wp-json\/wp\/v2\/pages\/106075\/revisions"}],"wp:featuredmedia":[{"embeddable":true,"href":"https:\/\/la-perla.net\/eu\/wp-json\/wp\/v2\/media\/80512"}],"wp:attachment":[{"href":"https:\/\/la-perla.net\/eu\/wp-json\/wp\/v2\/media?parent=106075"}],"curies":[{"name":"wp","href":"https:\/\/api.w.org\/{rel}","templated":true}]}}