{"id":107346,"date":"2022-11-22T14:28:25","date_gmt":"2022-11-22T13:28:25","guid":{"rendered":"https:\/\/la-perla.net\/san-sebastian\/serum-resurfacant-intensif-nuit\/"},"modified":"2025-12-01T23:00:25","modified_gmt":"2025-12-01T22:00:25","slug":"serum-resurfacant-intensif-nuit","status":"publish","type":"product","link":"https:\/\/la-perla.net\/eu\/produktu\/serum-resurfacant-intensif-nuit\/","title":{"rendered":"SERUM RESURFA\u00c7ANT INTENSIF NUIT"},"content":{"rendered":"","protected":false},"excerpt":{"rendered":"<p style=\"text-align: justify; background: white; margin: 0cm 0cm 7.5pt 0cm;\"><span style=\"font-size: 10.5pt; font-family: 'Helvetica','sans-serif'; color: #006072;\">Este serum altamente concentrado en fermentos \u00e1cidos de algas micro-estalladas, \u00e1cidos glic\u00f3licos y gluc\u00f3nicos, brinda un efecto\u00a0\u00ab piel nueva\u00a0\u00bb visible a partir de los\u00a07 d\u00edas.<\/span><\/p>\n<p>&nbsp;<\/p>\n<p class=\"conseiltitre\" style=\"margin: 0cm; margin-bottom: .0001pt; text-align: justify; background: white;\"><span style=\"font-size: 10.5pt; font-family: 'Helvetica','sans-serif'; color: #006072;\">Gesto de aplicaci\u00f3n profesional<\/span><\/p>\n<p style=\"margin: 0cm; margin-bottom: .0001pt; text-align: justify; background: white;\"><span style=\"font-size: 10.5pt; font-family: 'Helvetica','sans-serif'; color: #006072;\">Por la noche, aplicar 10 gotas sobre rostro y cuello. Dejar actuar unos minutos\u00a0antes de aplicar el tratamiento de noche.\u00a0Utilizar en cura de 21 d\u00edas. Para una eficacia \u00f3ptima, aplicar Eau de Soin Micro-Peeling* por la ma\u00f1ana.<\/span><\/p>\n<p style=\"margin: 0cm; margin-bottom: .0001pt; text-align: justify; background: white;\"><span style=\"font-size: 10.5pt; font-family: 'Helvetica','sans-serif'; color: #006072;\">Evitar el contacto con los ojos y las mucosas. No utilizar en pieles sensibles o irritadas. En caso de irritaci\u00f3n, aclarar con agua, interrumpir el uso del producto. Este producto contiene\u00a0AHA,\u00a0puede hacer que la piel se vuelva m\u00e1s sensible al sol. Utilizar una protecci\u00f3n solar y limitar la exposici\u00f3n al sol durante su uso.\u00a0Aplicar al menos una semana despu\u00e9s de finalizar el tratamiento.<\/span><\/p>\n<p style=\"margin: 0cm; margin-bottom: .0001pt; text-align: justify; background: white;\"><span style=\"font-size: 10.5pt; font-family: 'Helvetica','sans-serif'; color: #006072;\">Peeling superficial.<\/span><\/p>\n","protected":false},"featured_media":95718,"template":"","meta":{"_genesis_hide_title":false,"_genesis_hide_breadcrumbs":false,"_genesis_hide_singular_image":false,"_genesis_hide_footer_widgets":false,"_genesis_custom_body_class":"","_genesis_custom_post_class":"","_genesis_layout":""},"product_brand":[],"product_cat":[1284,1445],"product_tag":[],"class_list":{"0":"post-107346","1":"product","2":"type-product","3":"status-publish","4":"has-post-thumbnail","6":"product_cat-thalgo-eu","7":"product_cat-antimanchas-eu","8":"entry","10":"first","11":"instock","12":"shipping-taxable","13":"purchasable","14":"product-type-simple"},"yoast_head":"<!-- This site is optimized with the Yoast SEO plugin v25.6 - https:\/\/yoast.com\/wordpress\/plugins\/seo\/ -->\n<title>Serum Resurfa\u00e7ant Intensif Nuit: Perfecto para una Piel Rejuvenecida<\/title>\n<meta name=\"description\" content=\"Consigue una piel m\u00e1s joven y radiante con nuestro Serum Resurfa\u00e7ant Intensif Nuit. Este serum de noche intensivo ayuda a reducir las arrugas.\" \/>\n<meta name=\"robots\" content=\"index, follow, max-snippet:-1, max-image-preview:large, max-video-preview:-1\" \/>\n<link rel=\"canonical\" href=\"https:\/\/la-perla.net\/eu\/produktu\/serum-resurfacant-intensif-nuit\/\" \/>\n<meta property=\"og:locale\" content=\"eu_ES\" \/>\n<meta property=\"og:type\" content=\"article\" \/>\n<meta property=\"og:title\" content=\"Serum Resurfa\u00e7ant Intensif Nuit: Perfecto para una Piel Rejuvenecida\" \/>\n<meta property=\"og:description\" content=\"Consigue una piel m\u00e1s joven y radiante con nuestro Serum Resurfa\u00e7ant Intensif Nuit. Este serum de noche intensivo ayuda a reducir las arrugas.\" \/>\n<meta property=\"og:url\" content=\"https:\/\/la-perla.net\/eu\/produktu\/serum-resurfacant-intensif-nuit\/\" \/>\n<meta property=\"og:site_name\" content=\"Talasoterapia La Perla \u2022 San Sebasti\u00e1n - Donostia\" \/>\n<meta property=\"article:publisher\" content=\"https:\/\/www.facebook.com\/laperladonosti\/\" \/>\n<meta property=\"article:modified_time\" content=\"2025-12-01T22:00:25+00:00\" \/>\n<meta property=\"og:image\" content=\"https:\/\/la-perla.net\/wp-content\/uploads\/2022\/11\/peeling-marin-serum-resurfacant-intensif-nuit-thalgo.jpg\" \/>\n\t<meta property=\"og:image:width\" content=\"452\" \/>\n\t<meta property=\"og:image:height\" content=\"452\" \/>\n\t<meta property=\"og:image:type\" content=\"image\/jpeg\" \/>\n<meta name=\"twitter:card\" content=\"summary_large_image\" \/>\n<meta name=\"twitter:site\" content=\"@LaPerlaDonosti\" \/>\n<script type=\"application\/ld+json\" class=\"yoast-schema-graph\">{\"@context\":\"https:\/\/schema.org\",\"@graph\":[{\"@type\":\"WebPage\",\"@id\":\"https:\/\/la-perla.net\/eu\/produktu\/serum-resurfacant-intensif-nuit\/\",\"url\":\"https:\/\/la-perla.net\/eu\/produktu\/serum-resurfacant-intensif-nuit\/\",\"name\":\"Serum Resurfa\u00e7ant Intensif Nuit: Perfecto para una Piel Rejuvenecida\",\"isPartOf\":{\"@id\":\"https:\/\/la-perla.net\/#website\"},\"primaryImageOfPage\":{\"@id\":\"https:\/\/la-perla.net\/eu\/produktu\/serum-resurfacant-intensif-nuit\/#primaryimage\"},\"image\":{\"@id\":\"https:\/\/la-perla.net\/eu\/produktu\/serum-resurfacant-intensif-nuit\/#primaryimage\"},\"thumbnailUrl\":\"https:\/\/la-perla.net\/wp-content\/uploads\/2022\/11\/peeling-marin-serum-resurfacant-intensif-nuit-thalgo.jpg\",\"datePublished\":\"2022-11-22T13:28:25+00:00\",\"dateModified\":\"2025-12-01T22:00:25+00:00\",\"description\":\"Consigue una piel m\u00e1s joven y radiante con nuestro Serum Resurfa\u00e7ant Intensif Nuit. Este serum de noche intensivo ayuda a reducir las arrugas.\",\"breadcrumb\":{\"@id\":\"https:\/\/la-perla.net\/eu\/produktu\/serum-resurfacant-intensif-nuit\/#breadcrumb\"},\"inLanguage\":\"eu-ES\",\"potentialAction\":[{\"@type\":\"ReadAction\",\"target\":[\"https:\/\/la-perla.net\/eu\/produktu\/serum-resurfacant-intensif-nuit\/\"]}]},{\"@type\":\"ImageObject\",\"inLanguage\":\"eu-ES\",\"@id\":\"https:\/\/la-perla.net\/eu\/produktu\/serum-resurfacant-intensif-nuit\/#primaryimage\",\"url\":\"https:\/\/la-perla.net\/wp-content\/uploads\/2022\/11\/peeling-marin-serum-resurfacant-intensif-nuit-thalgo.jpg\",\"contentUrl\":\"https:\/\/la-perla.net\/wp-content\/uploads\/2022\/11\/peeling-marin-serum-resurfacant-intensif-nuit-thalgo.jpg\",\"width\":452,\"height\":452,\"caption\":\"Serum Resurfa\u00e7ant Intensif Nuit\"},{\"@type\":\"BreadcrumbList\",\"@id\":\"https:\/\/la-perla.net\/eu\/produktu\/serum-resurfacant-intensif-nuit\/#breadcrumb\",\"itemListElement\":[{\"@type\":\"ListItem\",\"position\":1,\"name\":\"Portada\",\"item\":\"https:\/\/la-perla.net\/eu\/\"},{\"@type\":\"ListItem\",\"position\":2,\"name\":\"Shop\",\"item\":\"https:\/\/la-perla.net\/eu\/shop\/\"},{\"@type\":\"ListItem\",\"position\":3,\"name\":\"SERUM RESURFA\u00c7ANT INTENSIF NUIT\"}]},{\"@type\":\"WebSite\",\"@id\":\"https:\/\/la-perla.net\/#website\",\"url\":\"https:\/\/la-perla.net\/\",\"name\":\"Talasoterapia La Perla \u2022 San Sebasti\u00e1n - Donostia\",\"description\":\"Talasoterapia en Guipuzcoa - Centro de salud, belleza y deporte\",\"publisher\":{\"@id\":\"https:\/\/la-perla.net\/#organization\"},\"potentialAction\":[{\"@type\":\"SearchAction\",\"target\":{\"@type\":\"EntryPoint\",\"urlTemplate\":\"https:\/\/la-perla.net\/?s={search_term_string}\"},\"query-input\":{\"@type\":\"PropertyValueSpecification\",\"valueRequired\":true,\"valueName\":\"search_term_string\"}}],\"inLanguage\":\"eu-ES\"},{\"@type\":\"Organization\",\"@id\":\"https:\/\/la-perla.net\/#organization\",\"name\":\"La Perla\",\"url\":\"https:\/\/la-perla.net\/\",\"logo\":{\"@type\":\"ImageObject\",\"inLanguage\":\"eu-ES\",\"@id\":\"https:\/\/la-perla.net\/#\/schema\/logo\/image\/\",\"url\":\"https:\/\/la-perla.net\/wp-content\/uploads\/2020\/09\/talasoterapia-la-perla.png\",\"contentUrl\":\"https:\/\/la-perla.net\/wp-content\/uploads\/2020\/09\/talasoterapia-la-perla.png\",\"width\":191,\"height\":51,\"caption\":\"La Perla\"},\"image\":{\"@id\":\"https:\/\/la-perla.net\/#\/schema\/logo\/image\/\"},\"sameAs\":[\"https:\/\/www.facebook.com\/laperladonosti\/\",\"https:\/\/x.com\/LaPerlaDonosti\",\"https:\/\/www.instagram.com\/laperladonosti\/?hl=es\",\"https:\/\/www.youtube.com\/channel\/UChQhp12N7Lg6ZrOcmAJAy4g\"]}]}<\/script>\n<!-- \/ Yoast SEO plugin. -->","yoast_head_json":{"title":"Serum Resurfa\u00e7ant Intensif Nuit: Perfecto para una Piel Rejuvenecida","description":"Consigue una piel m\u00e1s joven y radiante con nuestro Serum Resurfa\u00e7ant Intensif Nuit. Este serum de noche intensivo ayuda a reducir las arrugas.","robots":{"index":"index","follow":"follow","max-snippet":"max-snippet:-1","max-image-preview":"max-image-preview:large","max-video-preview":"max-video-preview:-1"},"canonical":"https:\/\/la-perla.net\/eu\/produktu\/serum-resurfacant-intensif-nuit\/","og_locale":"eu_ES","og_type":"article","og_title":"Serum Resurfa\u00e7ant Intensif Nuit: Perfecto para una Piel Rejuvenecida","og_description":"Consigue una piel m\u00e1s joven y radiante con nuestro Serum Resurfa\u00e7ant Intensif Nuit. Este serum de noche intensivo ayuda a reducir las arrugas.","og_url":"https:\/\/la-perla.net\/eu\/produktu\/serum-resurfacant-intensif-nuit\/","og_site_name":"Talasoterapia La Perla \u2022 San Sebasti\u00e1n - Donostia","article_publisher":"https:\/\/www.facebook.com\/laperladonosti\/","article_modified_time":"2025-12-01T22:00:25+00:00","og_image":[{"width":452,"height":452,"url":"https:\/\/la-perla.net\/wp-content\/uploads\/2022\/11\/peeling-marin-serum-resurfacant-intensif-nuit-thalgo.jpg","type":"image\/jpeg"}],"twitter_card":"summary_large_image","twitter_site":"@LaPerlaDonosti","schema":{"@context":"https:\/\/schema.org","@graph":[{"@type":"WebPage","@id":"https:\/\/la-perla.net\/eu\/produktu\/serum-resurfacant-intensif-nuit\/","url":"https:\/\/la-perla.net\/eu\/produktu\/serum-resurfacant-intensif-nuit\/","name":"Serum Resurfa\u00e7ant Intensif Nuit: Perfecto para una Piel Rejuvenecida","isPartOf":{"@id":"https:\/\/la-perla.net\/#website"},"primaryImageOfPage":{"@id":"https:\/\/la-perla.net\/eu\/produktu\/serum-resurfacant-intensif-nuit\/#primaryimage"},"image":{"@id":"https:\/\/la-perla.net\/eu\/produktu\/serum-resurfacant-intensif-nuit\/#primaryimage"},"thumbnailUrl":"https:\/\/la-perla.net\/wp-content\/uploads\/2022\/11\/peeling-marin-serum-resurfacant-intensif-nuit-thalgo.jpg","datePublished":"2022-11-22T13:28:25+00:00","dateModified":"2025-12-01T22:00:25+00:00","description":"Consigue una piel m\u00e1s joven y radiante con nuestro Serum Resurfa\u00e7ant Intensif Nuit. Este serum de noche intensivo ayuda a reducir las arrugas.","breadcrumb":{"@id":"https:\/\/la-perla.net\/eu\/produktu\/serum-resurfacant-intensif-nuit\/#breadcrumb"},"inLanguage":"eu-ES","potentialAction":[{"@type":"ReadAction","target":["https:\/\/la-perla.net\/eu\/produktu\/serum-resurfacant-intensif-nuit\/"]}]},{"@type":"ImageObject","inLanguage":"eu-ES","@id":"https:\/\/la-perla.net\/eu\/produktu\/serum-resurfacant-intensif-nuit\/#primaryimage","url":"https:\/\/la-perla.net\/wp-content\/uploads\/2022\/11\/peeling-marin-serum-resurfacant-intensif-nuit-thalgo.jpg","contentUrl":"https:\/\/la-perla.net\/wp-content\/uploads\/2022\/11\/peeling-marin-serum-resurfacant-intensif-nuit-thalgo.jpg","width":452,"height":452,"caption":"Serum Resurfa\u00e7ant Intensif Nuit"},{"@type":"BreadcrumbList","@id":"https:\/\/la-perla.net\/eu\/produktu\/serum-resurfacant-intensif-nuit\/#breadcrumb","itemListElement":[{"@type":"ListItem","position":1,"name":"Portada","item":"https:\/\/la-perla.net\/eu\/"},{"@type":"ListItem","position":2,"name":"Shop","item":"https:\/\/la-perla.net\/eu\/shop\/"},{"@type":"ListItem","position":3,"name":"SERUM RESURFA\u00c7ANT INTENSIF NUIT"}]},{"@type":"WebSite","@id":"https:\/\/la-perla.net\/#website","url":"https:\/\/la-perla.net\/","name":"Talasoterapia La Perla \u2022 San Sebasti\u00e1n - Donostia","description":"Talasoterapia en Guipuzcoa - Centro de salud, belleza y deporte","publisher":{"@id":"https:\/\/la-perla.net\/#organization"},"potentialAction":[{"@type":"SearchAction","target":{"@type":"EntryPoint","urlTemplate":"https:\/\/la-perla.net\/?s={search_term_string}"},"query-input":{"@type":"PropertyValueSpecification","valueRequired":true,"valueName":"search_term_string"}}],"inLanguage":"eu-ES"},{"@type":"Organization","@id":"https:\/\/la-perla.net\/#organization","name":"La Perla","url":"https:\/\/la-perla.net\/","logo":{"@type":"ImageObject","inLanguage":"eu-ES","@id":"https:\/\/la-perla.net\/#\/schema\/logo\/image\/","url":"https:\/\/la-perla.net\/wp-content\/uploads\/2020\/09\/talasoterapia-la-perla.png","contentUrl":"https:\/\/la-perla.net\/wp-content\/uploads\/2020\/09\/talasoterapia-la-perla.png","width":191,"height":51,"caption":"La Perla"},"image":{"@id":"https:\/\/la-perla.net\/#\/schema\/logo\/image\/"},"sameAs":["https:\/\/www.facebook.com\/laperladonosti\/","https:\/\/x.com\/LaPerlaDonosti","https:\/\/www.instagram.com\/laperladonosti\/?hl=es","https:\/\/www.youtube.com\/channel\/UChQhp12N7Lg6ZrOcmAJAy4g"]}]}},"_links":{"self":[{"href":"https:\/\/la-perla.net\/eu\/wp-json\/wp\/v2\/product\/107346"}],"collection":[{"href":"https:\/\/la-perla.net\/eu\/wp-json\/wp\/v2\/product"}],"about":[{"href":"https:\/\/la-perla.net\/eu\/wp-json\/wp\/v2\/types\/product"}],"wp:featuredmedia":[{"embeddable":true,"href":"https:\/\/la-perla.net\/eu\/wp-json\/wp\/v2\/media\/95718"}],"wp:attachment":[{"href":"https:\/\/la-perla.net\/eu\/wp-json\/wp\/v2\/media?parent=107346"}],"wp:term":[{"taxonomy":"product_brand","embeddable":true,"href":"https:\/\/la-perla.net\/eu\/wp-json\/wp\/v2\/product_brand?post=107346"},{"taxonomy":"product_cat","embeddable":true,"href":"https:\/\/la-perla.net\/eu\/wp-json\/wp\/v2\/product_cat?post=107346"},{"taxonomy":"product_tag","embeddable":true,"href":"https:\/\/la-perla.net\/eu\/wp-json\/wp\/v2\/product_tag?post=107346"}],"curies":[{"name":"wp","href":"https:\/\/api.w.org\/{rel}","templated":true}]}}