{"id":55915,"date":"2012-02-27T15:55:27","date_gmt":"2012-02-27T14:55:27","guid":{"rendered":"https:\/\/laperla21.wpengine.com\/donostia-san-sebastian\/reeducation-en-eau-de-mer\/"},"modified":"2024-06-06T14:01:41","modified_gmt":"2024-06-06T12:01:41","slug":"reeducation-en-eau-de-mer","status":"publish","type":"product","link":"https:\/\/la-perla.net\/fr\/produit\/reeducation-en-eau-de-mer\/","title":{"rendered":"R\u00e9\u00e9ducation en eau de mer"},"content":{"rendered":"<p><span class=\"s1\">La thalasso-kin\u00e9sith\u00e9rapie en eau de mer profite des avantages qu\u2019offre l\u2019eau de mer pour la r\u00e9cup\u00e9ration de diff\u00e9rents types de l\u00e9sions ost\u00e9o-musculaires, en particulier au niveau articulaire. L\u2019eau de mer pr\u00e9sente des effets m\u00e9caniques, thermiques et psychologiques qui, combin\u00e9s avec les techniques de kin\u00e9sith\u00e9rapie r\u00e9alis\u00e9es dans le milieu aquatique, offrent une avanc\u00e9e importante dans la r\u00e9cup\u00e9ration des articulations affect\u00e9es.<\/span><\/p>\n<p><span class=\"s1\">L\u2019objectif est de r<\/span><span class=\"s1\">etrouver la mobilit\u00e9, la fonction et la force des articulations apr\u00e8s une l\u00e9sion ou un processus chirurgical.<\/span><\/p>\n<p><span class=\"s1\">Dur\u00e9e : 50 minutes.<\/span><\/p>\n","protected":false},"excerpt":{"rendered":"<p class=\"p1\"><span class=\"s1\"> S\u00e9ance en piscine d\u2019eau de mer dirig\u00e9e par un th\u00e9rapeute afin de traiter diff\u00e9rents types de blessures.<\/span><\/p>\n","protected":false},"featured_media":60999,"template":"","meta":{"_genesis_hide_title":false,"_genesis_hide_breadcrumbs":false,"_genesis_hide_singular_image":false,"_genesis_hide_footer_widgets":false,"_genesis_custom_body_class":"","_genesis_custom_post_class":"","_genesis_layout":""},"product_brand":[],"product_cat":[934],"product_tag":[],"class_list":{"0":"post-55915","1":"product","2":"type-product","3":"status-publish","4":"has-post-thumbnail","6":"product_cat-therapies-eau-mer","7":"product_shipping_class-bonos-y-vales-fr","8":"entry","10":"first","11":"instock","12":"shipping-taxable","13":"purchasable","14":"product-type-simple"},"yoast_head":"<!-- This site is optimized with the Yoast SEO plugin v25.6 - https:\/\/yoast.com\/wordpress\/plugins\/seo\/ -->\n<title>R\u00e9\u00e9ducation en eau de Mer \u2022 Thalassoth\u00e9rapie La Perla \u2022 Saint S\u00e9bastien<\/title>\n<meta name=\"description\" content=\"R\u00e9habilitation dans la piscine d&#039;eau de mer dirig\u00e9e par un th\u00e9rapeute pour traiter diff\u00e9rents types de blessures ou pour r\u00e9cup\u00e9rer la mobilit\u00e9.\" \/>\n<meta name=\"robots\" content=\"index, follow, max-snippet:-1, max-image-preview:large, max-video-preview:-1\" \/>\n<link rel=\"canonical\" href=\"https:\/\/la-perla.net\/fr\/produit\/reeducation-en-eau-de-mer\/\" \/>\n<meta property=\"og:locale\" content=\"fr_FR\" \/>\n<meta property=\"og:type\" content=\"article\" \/>\n<meta property=\"og:title\" content=\"R\u00e9\u00e9ducation en eau de Mer \u2022 Thalassoth\u00e9rapie La Perla \u2022 Saint S\u00e9bastien\" \/>\n<meta property=\"og:description\" content=\"R\u00e9habilitation dans la piscine d&#039;eau de mer dirig\u00e9e par un th\u00e9rapeute pour traiter diff\u00e9rents types de blessures ou pour r\u00e9cup\u00e9rer la mobilit\u00e9.\" \/>\n<meta property=\"og:url\" content=\"https:\/\/la-perla.net\/fr\/produit\/reeducation-en-eau-de-mer\/\" \/>\n<meta property=\"og:site_name\" content=\"Talasoterapia La Perla \u2022 San Sebasti\u00e1n - Donostia\" \/>\n<meta property=\"article:publisher\" content=\"https:\/\/www.facebook.com\/laperladonosti\/\" \/>\n<meta property=\"article:modified_time\" content=\"2024-06-06T12:01:41+00:00\" \/>\n<meta property=\"og:image\" content=\"https:\/\/la-perla.net\/wp-content\/uploads\/2012\/02\/rehabilitacion-en-agua-de-mar.jpg\" \/>\n\t<meta property=\"og:image:width\" content=\"842\" \/>\n\t<meta property=\"og:image:height\" content=\"595\" \/>\n\t<meta property=\"og:image:type\" content=\"image\/jpeg\" \/>\n<meta name=\"twitter:card\" content=\"summary_large_image\" \/>\n<meta name=\"twitter:site\" content=\"@LaPerlaDonosti\" \/>\n<meta name=\"twitter:label1\" content=\"Dur\u00e9e de lecture estim\u00e9e\" \/>\n\t<meta name=\"twitter:data1\" content=\"1 minute\" \/>\n<script type=\"application\/ld+json\" class=\"yoast-schema-graph\">{\"@context\":\"https:\/\/schema.org\",\"@graph\":[{\"@type\":\"WebPage\",\"@id\":\"https:\/\/la-perla.net\/fr\/produit\/reeducation-en-eau-de-mer\/\",\"url\":\"https:\/\/la-perla.net\/fr\/produit\/reeducation-en-eau-de-mer\/\",\"name\":\"R\u00e9\u00e9ducation en eau de Mer \u2022 Thalassoth\u00e9rapie La Perla \u2022 Saint S\u00e9bastien\",\"isPartOf\":{\"@id\":\"https:\/\/la-perla.net\/#website\"},\"primaryImageOfPage\":{\"@id\":\"https:\/\/la-perla.net\/fr\/produit\/reeducation-en-eau-de-mer\/#primaryimage\"},\"image\":{\"@id\":\"https:\/\/la-perla.net\/fr\/produit\/reeducation-en-eau-de-mer\/#primaryimage\"},\"thumbnailUrl\":\"https:\/\/la-perla.net\/wp-content\/uploads\/2012\/02\/rehabilitacion-en-agua-de-mar.jpg\",\"datePublished\":\"2012-02-27T14:55:27+00:00\",\"dateModified\":\"2024-06-06T12:01:41+00:00\",\"description\":\"R\u00e9habilitation dans la piscine d'eau de mer dirig\u00e9e par un th\u00e9rapeute pour traiter diff\u00e9rents types de blessures ou pour r\u00e9cup\u00e9rer la mobilit\u00e9.\",\"breadcrumb\":{\"@id\":\"https:\/\/la-perla.net\/fr\/produit\/reeducation-en-eau-de-mer\/#breadcrumb\"},\"inLanguage\":\"fr-FR\",\"potentialAction\":[{\"@type\":\"ReadAction\",\"target\":[\"https:\/\/la-perla.net\/fr\/produit\/reeducation-en-eau-de-mer\/\"]}]},{\"@type\":\"ImageObject\",\"inLanguage\":\"fr-FR\",\"@id\":\"https:\/\/la-perla.net\/fr\/produit\/reeducation-en-eau-de-mer\/#primaryimage\",\"url\":\"https:\/\/la-perla.net\/wp-content\/uploads\/2012\/02\/rehabilitacion-en-agua-de-mar.jpg\",\"contentUrl\":\"https:\/\/la-perla.net\/wp-content\/uploads\/2012\/02\/rehabilitacion-en-agua-de-mar.jpg\",\"width\":842,\"height\":595,\"caption\":\"R\u00e9\u00e9ducation en eau de mer\"},{\"@type\":\"BreadcrumbList\",\"@id\":\"https:\/\/la-perla.net\/fr\/produit\/reeducation-en-eau-de-mer\/#breadcrumb\",\"itemListElement\":[{\"@type\":\"ListItem\",\"position\":1,\"name\":\"Portada\",\"item\":\"https:\/\/la-perla.net\/fr\/\"},{\"@type\":\"ListItem\",\"position\":2,\"name\":\"Boutique\",\"item\":\"https:\/\/la-perla.net\/fr\/boutique\/\"},{\"@type\":\"ListItem\",\"position\":3,\"name\":\"R\u00e9\u00e9ducation en eau de mer\"}]},{\"@type\":\"WebSite\",\"@id\":\"https:\/\/la-perla.net\/#website\",\"url\":\"https:\/\/la-perla.net\/\",\"name\":\"Talasoterapia La Perla \u2022 San Sebasti\u00e1n - Donostia\",\"description\":\"Talasoterapia en Guipuzcoa - Centro de salud, belleza y deporte\",\"publisher\":{\"@id\":\"https:\/\/la-perla.net\/#organization\"},\"potentialAction\":[{\"@type\":\"SearchAction\",\"target\":{\"@type\":\"EntryPoint\",\"urlTemplate\":\"https:\/\/la-perla.net\/?s={search_term_string}\"},\"query-input\":{\"@type\":\"PropertyValueSpecification\",\"valueRequired\":true,\"valueName\":\"search_term_string\"}}],\"inLanguage\":\"fr-FR\"},{\"@type\":\"Organization\",\"@id\":\"https:\/\/la-perla.net\/#organization\",\"name\":\"La Perla\",\"url\":\"https:\/\/la-perla.net\/\",\"logo\":{\"@type\":\"ImageObject\",\"inLanguage\":\"fr-FR\",\"@id\":\"https:\/\/la-perla.net\/#\/schema\/logo\/image\/\",\"url\":\"https:\/\/la-perla.net\/wp-content\/uploads\/2020\/09\/talasoterapia-la-perla.png\",\"contentUrl\":\"https:\/\/la-perla.net\/wp-content\/uploads\/2020\/09\/talasoterapia-la-perla.png\",\"width\":191,\"height\":51,\"caption\":\"La Perla\"},\"image\":{\"@id\":\"https:\/\/la-perla.net\/#\/schema\/logo\/image\/\"},\"sameAs\":[\"https:\/\/www.facebook.com\/laperladonosti\/\",\"https:\/\/x.com\/LaPerlaDonosti\",\"https:\/\/www.instagram.com\/laperladonosti\/?hl=es\",\"https:\/\/www.youtube.com\/channel\/UChQhp12N7Lg6ZrOcmAJAy4g\"]}]}<\/script>\n<!-- \/ Yoast SEO plugin. -->","yoast_head_json":{"title":"R\u00e9\u00e9ducation en eau de Mer \u2022 Thalassoth\u00e9rapie La Perla \u2022 Saint S\u00e9bastien","description":"R\u00e9habilitation dans la piscine d'eau de mer dirig\u00e9e par un th\u00e9rapeute pour traiter diff\u00e9rents types de blessures ou pour r\u00e9cup\u00e9rer la mobilit\u00e9.","robots":{"index":"index","follow":"follow","max-snippet":"max-snippet:-1","max-image-preview":"max-image-preview:large","max-video-preview":"max-video-preview:-1"},"canonical":"https:\/\/la-perla.net\/fr\/produit\/reeducation-en-eau-de-mer\/","og_locale":"fr_FR","og_type":"article","og_title":"R\u00e9\u00e9ducation en eau de Mer \u2022 Thalassoth\u00e9rapie La Perla \u2022 Saint S\u00e9bastien","og_description":"R\u00e9habilitation dans la piscine d'eau de mer dirig\u00e9e par un th\u00e9rapeute pour traiter diff\u00e9rents types de blessures ou pour r\u00e9cup\u00e9rer la mobilit\u00e9.","og_url":"https:\/\/la-perla.net\/fr\/produit\/reeducation-en-eau-de-mer\/","og_site_name":"Talasoterapia La Perla \u2022 San Sebasti\u00e1n - Donostia","article_publisher":"https:\/\/www.facebook.com\/laperladonosti\/","article_modified_time":"2024-06-06T12:01:41+00:00","og_image":[{"width":842,"height":595,"url":"https:\/\/la-perla.net\/wp-content\/uploads\/2012\/02\/rehabilitacion-en-agua-de-mar.jpg","type":"image\/jpeg"}],"twitter_card":"summary_large_image","twitter_site":"@LaPerlaDonosti","twitter_misc":{"Dur\u00e9e de lecture estim\u00e9e":"1 minute"},"schema":{"@context":"https:\/\/schema.org","@graph":[{"@type":"WebPage","@id":"https:\/\/la-perla.net\/fr\/produit\/reeducation-en-eau-de-mer\/","url":"https:\/\/la-perla.net\/fr\/produit\/reeducation-en-eau-de-mer\/","name":"R\u00e9\u00e9ducation en eau de Mer \u2022 Thalassoth\u00e9rapie La Perla \u2022 Saint S\u00e9bastien","isPartOf":{"@id":"https:\/\/la-perla.net\/#website"},"primaryImageOfPage":{"@id":"https:\/\/la-perla.net\/fr\/produit\/reeducation-en-eau-de-mer\/#primaryimage"},"image":{"@id":"https:\/\/la-perla.net\/fr\/produit\/reeducation-en-eau-de-mer\/#primaryimage"},"thumbnailUrl":"https:\/\/la-perla.net\/wp-content\/uploads\/2012\/02\/rehabilitacion-en-agua-de-mar.jpg","datePublished":"2012-02-27T14:55:27+00:00","dateModified":"2024-06-06T12:01:41+00:00","description":"R\u00e9habilitation dans la piscine d'eau de mer dirig\u00e9e par un th\u00e9rapeute pour traiter diff\u00e9rents types de blessures ou pour r\u00e9cup\u00e9rer la mobilit\u00e9.","breadcrumb":{"@id":"https:\/\/la-perla.net\/fr\/produit\/reeducation-en-eau-de-mer\/#breadcrumb"},"inLanguage":"fr-FR","potentialAction":[{"@type":"ReadAction","target":["https:\/\/la-perla.net\/fr\/produit\/reeducation-en-eau-de-mer\/"]}]},{"@type":"ImageObject","inLanguage":"fr-FR","@id":"https:\/\/la-perla.net\/fr\/produit\/reeducation-en-eau-de-mer\/#primaryimage","url":"https:\/\/la-perla.net\/wp-content\/uploads\/2012\/02\/rehabilitacion-en-agua-de-mar.jpg","contentUrl":"https:\/\/la-perla.net\/wp-content\/uploads\/2012\/02\/rehabilitacion-en-agua-de-mar.jpg","width":842,"height":595,"caption":"R\u00e9\u00e9ducation en eau de mer"},{"@type":"BreadcrumbList","@id":"https:\/\/la-perla.net\/fr\/produit\/reeducation-en-eau-de-mer\/#breadcrumb","itemListElement":[{"@type":"ListItem","position":1,"name":"Portada","item":"https:\/\/la-perla.net\/fr\/"},{"@type":"ListItem","position":2,"name":"Boutique","item":"https:\/\/la-perla.net\/fr\/boutique\/"},{"@type":"ListItem","position":3,"name":"R\u00e9\u00e9ducation en eau de mer"}]},{"@type":"WebSite","@id":"https:\/\/la-perla.net\/#website","url":"https:\/\/la-perla.net\/","name":"Talasoterapia La Perla \u2022 San Sebasti\u00e1n - Donostia","description":"Talasoterapia en Guipuzcoa - Centro de salud, belleza y deporte","publisher":{"@id":"https:\/\/la-perla.net\/#organization"},"potentialAction":[{"@type":"SearchAction","target":{"@type":"EntryPoint","urlTemplate":"https:\/\/la-perla.net\/?s={search_term_string}"},"query-input":{"@type":"PropertyValueSpecification","valueRequired":true,"valueName":"search_term_string"}}],"inLanguage":"fr-FR"},{"@type":"Organization","@id":"https:\/\/la-perla.net\/#organization","name":"La Perla","url":"https:\/\/la-perla.net\/","logo":{"@type":"ImageObject","inLanguage":"fr-FR","@id":"https:\/\/la-perla.net\/#\/schema\/logo\/image\/","url":"https:\/\/la-perla.net\/wp-content\/uploads\/2020\/09\/talasoterapia-la-perla.png","contentUrl":"https:\/\/la-perla.net\/wp-content\/uploads\/2020\/09\/talasoterapia-la-perla.png","width":191,"height":51,"caption":"La Perla"},"image":{"@id":"https:\/\/la-perla.net\/#\/schema\/logo\/image\/"},"sameAs":["https:\/\/www.facebook.com\/laperladonosti\/","https:\/\/x.com\/LaPerlaDonosti","https:\/\/www.instagram.com\/laperladonosti\/?hl=es","https:\/\/www.youtube.com\/channel\/UChQhp12N7Lg6ZrOcmAJAy4g"]}]}},"_links":{"self":[{"href":"https:\/\/la-perla.net\/fr\/wp-json\/wp\/v2\/product\/55915"}],"collection":[{"href":"https:\/\/la-perla.net\/fr\/wp-json\/wp\/v2\/product"}],"about":[{"href":"https:\/\/la-perla.net\/fr\/wp-json\/wp\/v2\/types\/product"}],"wp:featuredmedia":[{"embeddable":true,"href":"https:\/\/la-perla.net\/fr\/wp-json\/wp\/v2\/media\/60999"}],"wp:attachment":[{"href":"https:\/\/la-perla.net\/fr\/wp-json\/wp\/v2\/media?parent=55915"}],"wp:term":[{"taxonomy":"product_brand","embeddable":true,"href":"https:\/\/la-perla.net\/fr\/wp-json\/wp\/v2\/product_brand?post=55915"},{"taxonomy":"product_cat","embeddable":true,"href":"https:\/\/la-perla.net\/fr\/wp-json\/wp\/v2\/product_cat?post=55915"},{"taxonomy":"product_tag","embeddable":true,"href":"https:\/\/la-perla.net\/fr\/wp-json\/wp\/v2\/product_tag?post=55915"}],"curies":[{"name":"wp","href":"https:\/\/api.w.org\/{rel}","templated":true}]}}