{"id":71811,"date":"2020-10-26T15:53:58","date_gmt":"2020-10-26T14:53:58","guid":{"rendered":"https:\/\/la-perla.net\/san-sebastian\/balsamo-antiestrias-reafirmante-de-pecho\/"},"modified":"2025-12-01T23:00:13","modified_gmt":"2025-12-01T22:00:13","slug":"baume-anti-vergetures-raffermissant-poitrine","status":"publish","type":"product","link":"https:\/\/la-perla.net\/fr\/produit\/baume-anti-vergetures-raffermissant-poitrine\/","title":{"rendered":"Baume anti-vergetures raffermissant pour la poitrine"},"content":{"rendered":"<p>La connexion et la communication avec votre b\u00e9b\u00e9 est une exp\u00e9rience unique et extraordinaire qui peut \u00eatre accentu\u00e9e en lui donnant le bain, en le massant et en l\u2019allaitant. Cependant, l\u2019allaitement est une d\u00e9cision tr\u00e8s personnelle. Il vous appartient alors de le faire ou pas, mais dans les deux cas vous pouvez utiliser notre baume anti-vergetures qui vous aidera \u00e0 garder votre poitrine ferme, d\u00e9gonfl\u00e9e et sans vergetures, pendant et apr\u00e8s la grossesse. C\u2019est un produit enti\u00e8rement s\u00fbr pour vous et pour votre b\u00e9b\u00e9, m\u00eame si vous l\u2019allaitez. Parce que le plus grand lien entre vous deux sera toujours invisible.<\/p>\n<p>Chez Me and Me nous sommes tr\u00e8s sensibles au probl\u00e8me du cancer du sein. Pour cela, une partie des b\u00e9n\u00e9fices de la vente de notre baume est revers\u00e9e \u00e0 la lutte contre ce type de cancer par l\u2019interm\u00e9diaire de l\u2019Association espagnole contre le Cancer du Sein (AECC).<\/p>\n<ul>\n<li>Tr\u00e8s efficace pour pr\u00e9venir et r\u00e9parer les vergetures.<\/li>\n<li>Am\u00e9liore la douceur et la fermet\u00e9 de la peau (+36%).*<\/li>\n<li>Am\u00e9liore la synth\u00e8se de collag\u00e8ne (+30%).*<\/li>\n<li>R\u00e9duit l\u2019inflammation.<\/li>\n<li>Effet cicatrisant et r\u00e9parateur des vergetures.<\/li>\n<li>Tr\u00e8s hydratant.<\/li>\n<li>Indiqu\u00e9 pendant et apr\u00e8s la grossesse.<\/li>\n<li>Compatible avec l\u2019allaitement.<\/li>\n<li>Avec des ingr\u00e9dients de neurocosm\u00e9tique qui aident \u00e0 r\u00e9duire le stress et le niveau de cortisol et \u00e0 accroitre le sentiment de bonheur.<\/li>\n<li>Avec des pr\u00e9biotiques qui favorisent la bonne sant\u00e9 de la peau en restaurant l\u2019\u00e9quilibre microbiologique.<\/li>\n<\/ul>\n<p>* R\u00e9sultats Tests cliniques des actifs.<\/p>\n<p><strong>Mode d\u2019emploi<\/strong><\/p>\n<p>Prenez un peu de baume, chauffez-le entre vos mains et appliquez-le doucement sur votre poitrine et d\u00e9collet\u00e9. Vous pouvez \u00e9galement l\u2019appliquer sur les t\u00e9tons pendant l\u2019allaitement car il est enti\u00e8rement s\u00fbr. Bien que vous pouvez l\u2019utiliser au moins une fois par jour, n\u2019h\u00e9sitez pas \u00e0 vous en mettre autant de fois que n\u00e9cessaire si vous sentez que la poitrine est tendue et gonfl\u00e9e.<\/p>\n<p><strong>Il ne contient aucun :<\/strong><\/p>\n<ul>\n<li>Parab\u00e8ne<\/li>\n<li>Produit p\u00e9trochimique<\/li>\n<li>Parfum Synth\u00e9tique<\/li>\n<li>Substance susceptible d\u2019\u00eatre nocive<\/li>\n<\/ul>\n","protected":false},"excerpt":{"rendered":"<p>Notre baume anti-vergetures vous aidera \u00e0 garder votre poitrine ferme, d\u00e9gonfl\u00e9e et sans vergetures, pendant et apr\u00e8s la grossesse. C\u2019est un produit enti\u00e8rement s\u00fbr pour vous et pour votre b\u00e9b\u00e9, m\u00eame si vous l\u2019allaitez.<\/p>\n","protected":false},"featured_media":54267,"template":"","meta":{"_genesis_hide_title":false,"_genesis_hide_breadcrumbs":false,"_genesis_hide_singular_image":false,"_genesis_hide_footer_widgets":false,"_genesis_custom_body_class":"","_genesis_custom_post_class":"","_genesis_layout":""},"product_brand":[],"product_cat":[1089],"product_tag":[],"class_list":{"0":"post-71811","1":"product","2":"type-product","3":"status-publish","4":"has-post-thumbnail","6":"product_cat-meandme-fr","7":"entry","9":"first","10":"instock","11":"shipping-taxable","12":"purchasable","13":"product-type-simple"},"yoast_head":"<!-- This site is optimized with the Yoast SEO plugin v25.6 - https:\/\/yoast.com\/wordpress\/plugins\/seo\/ -->\n<title>Baume Anti-Vergetures Raffermissant \u2022 La Perla \u2022 Saint S\u00e9bastien<\/title>\n<meta name=\"description\" content=\"D\u00e9couvrez notre cr\u00e8me anti-vergetures et raffermissante pour les seins. Renforcez sa beaut\u00e9 avec des r\u00e9sultats visibles et durables.\" \/>\n<meta name=\"robots\" content=\"index, follow, max-snippet:-1, max-image-preview:large, max-video-preview:-1\" \/>\n<link rel=\"canonical\" href=\"https:\/\/la-perla.net\/produit\/balsamo-antiestrias-reafirmante-de-pecho\/\" \/>\n<meta property=\"og:locale\" content=\"fr_FR\" \/>\n<meta property=\"og:type\" content=\"article\" \/>\n<meta property=\"og:title\" content=\"Baume Anti-Vergetures Raffermissant \u2022 La Perla \u2022 Saint S\u00e9bastien\" \/>\n<meta property=\"og:description\" content=\"D\u00e9couvrez notre cr\u00e8me anti-vergetures et raffermissante pour les seins. Renforcez sa beaut\u00e9 avec des r\u00e9sultats visibles et durables.\" \/>\n<meta property=\"og:url\" content=\"https:\/\/la-perla.net\/produit\/balsamo-antiestrias-reafirmante-de-pecho\/\" \/>\n<meta property=\"og:site_name\" content=\"Talasoterapia La Perla \u2022 San Sebasti\u00e1n - Donostia\" \/>\n<meta property=\"article:publisher\" content=\"https:\/\/www.facebook.com\/laperladonosti\/\" \/>\n<meta property=\"article:modified_time\" content=\"2025-12-01T22:00:13+00:00\" \/>\n<meta property=\"og:image\" content=\"https:\/\/la-perla.net\/wp-content\/uploads\/2019\/11\/ME-AND-ME_b\u00e1lsamo-antiestr\u00edas-reafirmante-pecho-fondo-blanco.jpg\" \/>\n\t<meta property=\"og:image:width\" content=\"2560\" \/>\n\t<meta property=\"og:image:height\" content=\"1907\" \/>\n\t<meta property=\"og:image:type\" content=\"image\/jpeg\" \/>\n<meta name=\"twitter:card\" content=\"summary_large_image\" \/>\n<meta name=\"twitter:site\" content=\"@LaPerlaDonosti\" \/>\n<meta name=\"twitter:label1\" content=\"Dur\u00e9e de lecture estim\u00e9e\" \/>\n\t<meta name=\"twitter:data1\" content=\"2 minutes\" \/>\n<script type=\"application\/ld+json\" class=\"yoast-schema-graph\">{\"@context\":\"https:\/\/schema.org\",\"@graph\":[{\"@type\":\"WebPage\",\"@id\":\"https:\/\/la-perla.net\/produit\/balsamo-antiestrias-reafirmante-de-pecho\/\",\"url\":\"https:\/\/la-perla.net\/produit\/balsamo-antiestrias-reafirmante-de-pecho\/\",\"name\":\"Baume Anti-Vergetures Raffermissant \u2022 La Perla \u2022 Saint S\u00e9bastien\",\"isPartOf\":{\"@id\":\"https:\/\/la-perla.net\/#website\"},\"primaryImageOfPage\":{\"@id\":\"https:\/\/la-perla.net\/produit\/balsamo-antiestrias-reafirmante-de-pecho\/#primaryimage\"},\"image\":{\"@id\":\"https:\/\/la-perla.net\/produit\/balsamo-antiestrias-reafirmante-de-pecho\/#primaryimage\"},\"thumbnailUrl\":\"https:\/\/la-perla.net\/wp-content\/uploads\/2019\/11\/ME-AND-ME_b\u00e1lsamo-antiestr\u00edas-reafirmante-pecho-fondo-blanco.jpg\",\"datePublished\":\"2020-10-26T14:53:58+00:00\",\"dateModified\":\"2025-12-01T22:00:13+00:00\",\"description\":\"D\u00e9couvrez notre cr\u00e8me anti-vergetures et raffermissante pour les seins. Renforcez sa beaut\u00e9 avec des r\u00e9sultats visibles et durables.\",\"breadcrumb\":{\"@id\":\"https:\/\/la-perla.net\/produit\/balsamo-antiestrias-reafirmante-de-pecho\/#breadcrumb\"},\"inLanguage\":\"fr-FR\",\"potentialAction\":[{\"@type\":\"ReadAction\",\"target\":[\"https:\/\/la-perla.net\/produit\/balsamo-antiestrias-reafirmante-de-pecho\/\"]}]},{\"@type\":\"ImageObject\",\"inLanguage\":\"fr-FR\",\"@id\":\"https:\/\/la-perla.net\/produit\/balsamo-antiestrias-reafirmante-de-pecho\/#primaryimage\",\"url\":\"https:\/\/la-perla.net\/wp-content\/uploads\/2019\/11\/ME-AND-ME_b\u00e1lsamo-antiestr\u00edas-reafirmante-pecho-fondo-blanco.jpg\",\"contentUrl\":\"https:\/\/la-perla.net\/wp-content\/uploads\/2019\/11\/ME-AND-ME_b\u00e1lsamo-antiestr\u00edas-reafirmante-pecho-fondo-blanco.jpg\",\"width\":2560,\"height\":1907,\"caption\":\"Baume Anti-Vergetures Raffermissant\"},{\"@type\":\"BreadcrumbList\",\"@id\":\"https:\/\/la-perla.net\/produit\/balsamo-antiestrias-reafirmante-de-pecho\/#breadcrumb\",\"itemListElement\":[{\"@type\":\"ListItem\",\"position\":1,\"name\":\"Portada\",\"item\":\"https:\/\/la-perla.net\/fr\/\"},{\"@type\":\"ListItem\",\"position\":2,\"name\":\"Boutique\",\"item\":\"https:\/\/la-perla.net\/fr\/boutique\/\"},{\"@type\":\"ListItem\",\"position\":3,\"name\":\"Baume anti-vergetures raffermissant pour la poitrine\"}]},{\"@type\":\"WebSite\",\"@id\":\"https:\/\/la-perla.net\/#website\",\"url\":\"https:\/\/la-perla.net\/\",\"name\":\"Talasoterapia La Perla \u2022 San Sebasti\u00e1n - Donostia\",\"description\":\"Talasoterapia en Guipuzcoa - Centro de salud, belleza y deporte\",\"publisher\":{\"@id\":\"https:\/\/la-perla.net\/#organization\"},\"potentialAction\":[{\"@type\":\"SearchAction\",\"target\":{\"@type\":\"EntryPoint\",\"urlTemplate\":\"https:\/\/la-perla.net\/?s={search_term_string}\"},\"query-input\":{\"@type\":\"PropertyValueSpecification\",\"valueRequired\":true,\"valueName\":\"search_term_string\"}}],\"inLanguage\":\"fr-FR\"},{\"@type\":\"Organization\",\"@id\":\"https:\/\/la-perla.net\/#organization\",\"name\":\"La Perla\",\"url\":\"https:\/\/la-perla.net\/\",\"logo\":{\"@type\":\"ImageObject\",\"inLanguage\":\"fr-FR\",\"@id\":\"https:\/\/la-perla.net\/#\/schema\/logo\/image\/\",\"url\":\"https:\/\/la-perla.net\/wp-content\/uploads\/2020\/09\/talasoterapia-la-perla.png\",\"contentUrl\":\"https:\/\/la-perla.net\/wp-content\/uploads\/2020\/09\/talasoterapia-la-perla.png\",\"width\":191,\"height\":51,\"caption\":\"La Perla\"},\"image\":{\"@id\":\"https:\/\/la-perla.net\/#\/schema\/logo\/image\/\"},\"sameAs\":[\"https:\/\/www.facebook.com\/laperladonosti\/\",\"https:\/\/x.com\/LaPerlaDonosti\",\"https:\/\/www.instagram.com\/laperladonosti\/?hl=es\",\"https:\/\/www.youtube.com\/channel\/UChQhp12N7Lg6ZrOcmAJAy4g\"]}]}<\/script>\n<!-- \/ Yoast SEO plugin. -->","yoast_head_json":{"title":"Baume Anti-Vergetures Raffermissant \u2022 La Perla \u2022 Saint S\u00e9bastien","description":"D\u00e9couvrez notre cr\u00e8me anti-vergetures et raffermissante pour les seins. Renforcez sa beaut\u00e9 avec des r\u00e9sultats visibles et durables.","robots":{"index":"index","follow":"follow","max-snippet":"max-snippet:-1","max-image-preview":"max-image-preview:large","max-video-preview":"max-video-preview:-1"},"canonical":"https:\/\/la-perla.net\/produit\/balsamo-antiestrias-reafirmante-de-pecho\/","og_locale":"fr_FR","og_type":"article","og_title":"Baume Anti-Vergetures Raffermissant \u2022 La Perla \u2022 Saint S\u00e9bastien","og_description":"D\u00e9couvrez notre cr\u00e8me anti-vergetures et raffermissante pour les seins. Renforcez sa beaut\u00e9 avec des r\u00e9sultats visibles et durables.","og_url":"https:\/\/la-perla.net\/produit\/balsamo-antiestrias-reafirmante-de-pecho\/","og_site_name":"Talasoterapia La Perla \u2022 San Sebasti\u00e1n - Donostia","article_publisher":"https:\/\/www.facebook.com\/laperladonosti\/","article_modified_time":"2025-12-01T22:00:13+00:00","og_image":[{"width":2560,"height":1907,"url":"https:\/\/la-perla.net\/wp-content\/uploads\/2019\/11\/ME-AND-ME_b\u00e1lsamo-antiestr\u00edas-reafirmante-pecho-fondo-blanco.jpg","type":"image\/jpeg"}],"twitter_card":"summary_large_image","twitter_site":"@LaPerlaDonosti","twitter_misc":{"Dur\u00e9e de lecture estim\u00e9e":"2 minutes"},"schema":{"@context":"https:\/\/schema.org","@graph":[{"@type":"WebPage","@id":"https:\/\/la-perla.net\/produit\/balsamo-antiestrias-reafirmante-de-pecho\/","url":"https:\/\/la-perla.net\/produit\/balsamo-antiestrias-reafirmante-de-pecho\/","name":"Baume Anti-Vergetures Raffermissant \u2022 La Perla \u2022 Saint S\u00e9bastien","isPartOf":{"@id":"https:\/\/la-perla.net\/#website"},"primaryImageOfPage":{"@id":"https:\/\/la-perla.net\/produit\/balsamo-antiestrias-reafirmante-de-pecho\/#primaryimage"},"image":{"@id":"https:\/\/la-perla.net\/produit\/balsamo-antiestrias-reafirmante-de-pecho\/#primaryimage"},"thumbnailUrl":"https:\/\/la-perla.net\/wp-content\/uploads\/2019\/11\/ME-AND-ME_b\u00e1lsamo-antiestr\u00edas-reafirmante-pecho-fondo-blanco.jpg","datePublished":"2020-10-26T14:53:58+00:00","dateModified":"2025-12-01T22:00:13+00:00","description":"D\u00e9couvrez notre cr\u00e8me anti-vergetures et raffermissante pour les seins. Renforcez sa beaut\u00e9 avec des r\u00e9sultats visibles et durables.","breadcrumb":{"@id":"https:\/\/la-perla.net\/produit\/balsamo-antiestrias-reafirmante-de-pecho\/#breadcrumb"},"inLanguage":"fr-FR","potentialAction":[{"@type":"ReadAction","target":["https:\/\/la-perla.net\/produit\/balsamo-antiestrias-reafirmante-de-pecho\/"]}]},{"@type":"ImageObject","inLanguage":"fr-FR","@id":"https:\/\/la-perla.net\/produit\/balsamo-antiestrias-reafirmante-de-pecho\/#primaryimage","url":"https:\/\/la-perla.net\/wp-content\/uploads\/2019\/11\/ME-AND-ME_b\u00e1lsamo-antiestr\u00edas-reafirmante-pecho-fondo-blanco.jpg","contentUrl":"https:\/\/la-perla.net\/wp-content\/uploads\/2019\/11\/ME-AND-ME_b\u00e1lsamo-antiestr\u00edas-reafirmante-pecho-fondo-blanco.jpg","width":2560,"height":1907,"caption":"Baume Anti-Vergetures Raffermissant"},{"@type":"BreadcrumbList","@id":"https:\/\/la-perla.net\/produit\/balsamo-antiestrias-reafirmante-de-pecho\/#breadcrumb","itemListElement":[{"@type":"ListItem","position":1,"name":"Portada","item":"https:\/\/la-perla.net\/fr\/"},{"@type":"ListItem","position":2,"name":"Boutique","item":"https:\/\/la-perla.net\/fr\/boutique\/"},{"@type":"ListItem","position":3,"name":"Baume anti-vergetures raffermissant pour la poitrine"}]},{"@type":"WebSite","@id":"https:\/\/la-perla.net\/#website","url":"https:\/\/la-perla.net\/","name":"Talasoterapia La Perla \u2022 San Sebasti\u00e1n - Donostia","description":"Talasoterapia en Guipuzcoa - Centro de salud, belleza y deporte","publisher":{"@id":"https:\/\/la-perla.net\/#organization"},"potentialAction":[{"@type":"SearchAction","target":{"@type":"EntryPoint","urlTemplate":"https:\/\/la-perla.net\/?s={search_term_string}"},"query-input":{"@type":"PropertyValueSpecification","valueRequired":true,"valueName":"search_term_string"}}],"inLanguage":"fr-FR"},{"@type":"Organization","@id":"https:\/\/la-perla.net\/#organization","name":"La Perla","url":"https:\/\/la-perla.net\/","logo":{"@type":"ImageObject","inLanguage":"fr-FR","@id":"https:\/\/la-perla.net\/#\/schema\/logo\/image\/","url":"https:\/\/la-perla.net\/wp-content\/uploads\/2020\/09\/talasoterapia-la-perla.png","contentUrl":"https:\/\/la-perla.net\/wp-content\/uploads\/2020\/09\/talasoterapia-la-perla.png","width":191,"height":51,"caption":"La Perla"},"image":{"@id":"https:\/\/la-perla.net\/#\/schema\/logo\/image\/"},"sameAs":["https:\/\/www.facebook.com\/laperladonosti\/","https:\/\/x.com\/LaPerlaDonosti","https:\/\/www.instagram.com\/laperladonosti\/?hl=es","https:\/\/www.youtube.com\/channel\/UChQhp12N7Lg6ZrOcmAJAy4g"]}]}},"_links":{"self":[{"href":"https:\/\/la-perla.net\/fr\/wp-json\/wp\/v2\/product\/71811"}],"collection":[{"href":"https:\/\/la-perla.net\/fr\/wp-json\/wp\/v2\/product"}],"about":[{"href":"https:\/\/la-perla.net\/fr\/wp-json\/wp\/v2\/types\/product"}],"wp:featuredmedia":[{"embeddable":true,"href":"https:\/\/la-perla.net\/fr\/wp-json\/wp\/v2\/media\/54267"}],"wp:attachment":[{"href":"https:\/\/la-perla.net\/fr\/wp-json\/wp\/v2\/media?parent=71811"}],"wp:term":[{"taxonomy":"product_brand","embeddable":true,"href":"https:\/\/la-perla.net\/fr\/wp-json\/wp\/v2\/product_brand?post=71811"},{"taxonomy":"product_cat","embeddable":true,"href":"https:\/\/la-perla.net\/fr\/wp-json\/wp\/v2\/product_cat?post=71811"},{"taxonomy":"product_tag","embeddable":true,"href":"https:\/\/la-perla.net\/fr\/wp-json\/wp\/v2\/product_tag?post=71811"}],"curies":[{"name":"wp","href":"https:\/\/api.w.org\/{rel}","templated":true}]}}